{"id":106,"date":"2025-01-08T10:35:51","date_gmt":"2025-01-08T10:35:51","guid":{"rendered":"https:\/\/www.solidarite-pour-les-desherites.org\/?page_id=106"},"modified":"2025-01-31T15:20:02","modified_gmt":"2025-01-31T15:20:02","slug":"qui-sommes-nous-2","status":"publish","type":"page","link":"https:\/\/www.solidarite-pour-les-desherites.org\/","title":{"rendered":"Qui sommes-nous ?"},"content":{"rendered":"\n\n\n\n\n\n\n\n\n\n<p style=\"text-align: justify;\"><font style=\"vertical-align: inherit;\"><font style=\"vertical-align: inherit;\"><font style=\"vertical-align: inherit;\"><font style=\"vertical-align: inherit;\"><font style=\"vertical-align: inherit;\"><font style=\"vertical-align: inherit;\"><font style=\"vertical-align: inherit;\"><font style=\"vertical-align: inherit;\"><font style=\"vertical-align: inherit;\"><font style=\"vertical-align: inherit;\"><font style=\"vertical-align: inherit;\"><font style=\"vertical-align: inherit;\">Fond\u00e9e en 2021, notre Organisation Non Gouvernementale , Solidarit\u00e9 Pour les D\u00e9sh\u00e9rit\u00e9s (SPD), dirig\u00e9e par&nbsp;<\/font><\/font><\/font><\/font><\/font><\/font><\/font><\/font><\/font><\/font><\/font><\/font><span style=\"background-color: var(--ast-global-color-5); color: var(--ast-global-color-3);\"><font style=\"vertical-align: inherit;\"><font style=\"vertical-align: inherit;\"> Phil\u00e9mon Kahekwa,&nbsp;<\/font><\/font><\/span><span style=\"font-style: inherit; font-weight: inherit; background-color: var(--ast-global-color-5); color: var(--ast-global-color-3);\"><font style=\"vertical-align: inherit;\"><font style=\"vertical-align: inherit;\">est une organisation humanitaire qui \u0153uvre \u00e0 am\u00e9liorer les conditions de vie des populations vuln\u00e9rables et marginalis\u00e9es.<br><\/font><\/font><\/span><span style=\"background-color: var(--ast-global-color-5); color: var(--ast-global-color-3); font-style: inherit; font-weight: inherit;\"><font style=\"vertical-align: inherit;\"><font style=\"vertical-align: inherit;\">Nous intervenons en R\u00e9publique D\u00e9mocratique du Congo, et plus pr\u00e9cis\u00e9ment dans la province du Sud-Kivu, qui se situe \u00e0 l&rsquo;est du pays.<br><\/font><\/font><\/span><span style=\"font-style: inherit; font-weight: inherit; background-color: var(--ast-global-color-5); color: var(--ast-global-color-3);\"><font style=\"vertical-align: inherit;\"><font style=\"vertical-align: inherit;\">La crise socio-\u00e9conomique affecte, en effet, particuli\u00e8rement cette r\u00e9gion, o\u00f9 le taux de pauvret\u00e9 est le plus \u00e9lev\u00e9 et o\u00f9 les<\/font><\/font><\/span><span style=\"font-style: inherit; font-weight: inherit; background-color: var(--ast-global-color-5); color: var(--ast-global-color-3);\"><font style=\"vertical-align: inherit;\"><font style=\"vertical-align: inherit;\">&nbsp;habitants doivent faire face \u00e0 de tr\u00e8s nombreuses difficult\u00e9s.&nbsp;<\/font><\/font><\/span><\/p>\n\n\n\n\n<p style=\"text-align: justify;\"><font style=\"vertical-align: inherit;\"><font style=\"vertical-align: inherit;\"><font style=\"vertical-align: inherit;\"><font style=\"vertical-align: inherit;\">Face \u00e0 l&rsquo;urgence de la situation, nous agissons pour lutter contre toutes les in\u00e9galit\u00e9s. En plus d&rsquo;une aide humanitaire d&rsquo;urgence, qui leur est vitale, nous voulons aussi contribuer, \u00e0 travers nos nombreux projets, \u00e0 leur autonomisation. <br> Cela va de l&rsquo;acc\u00e8s \u00e0 l&rsquo;eau potable, \u00e0 l&rsquo;\u00e9ducation, la sant\u00e9, ainsi que l&rsquo;autonomie alimentaire.<\/font><\/font><\/font><\/font><\/p>\n\n\n\n\n\n\n\n\n\n\n\n<p><strong><font style=\"vertical-align: inherit;\"><font style=\"vertical-align: inherit;\">Notre approche<\/font><\/font><\/strong><\/p>\n\n\n\n\n\n\n\nNotre approche repose sur la solidarit\u00e9, la r\u00e9silience et l&rsquo;autonomisation des communaut\u00e9s, afin qu&rsquo;elles puissent progressivement retrouver leur ind\u00e9pendance alimentaire. <br>Nous ne nous contentons pas de r\u00e9pondre aux besoins urgents, mais \u0153uvrons pour offrir aux populations les outils n\u00e9cessaires \u00e0 une autonomie \u00e0 long terme. <br>A travers des projets adapt\u00e9s et un soutien constant, nous aspirons \u00e0 offrir un avenir plus digne et serein aux personnes les plus d\u00e9munies.\n\n\n\n\n\n\n\n\n<h3><strong><font style=\"vertical-align: inherit;\"><font style=\"vertical-align: inherit;\">Les forces mises \u00e0 disposition<\/font><\/font><\/strong><\/h3>\n\n\n\n\n\n<ul style=\"font-size: 17px; font-style: normal;\"><li style=\"font-size: 17px;\"><p style=\"font-size: 17px;\"><font style=\"vertical-align: inherit;\"><font style=\"vertical-align: inherit;\"><font style=\"vertical-align: inherit;\"><strong>Pers\u00e9v\u00e9rance et engagement constant:&nbsp;<\/strong><\/font><\/font><\/font><span style=\"font-style: inherit; font-weight: inherit; color: var(--ast-global-color-3);\"><br>Nous faisons preuve d&rsquo;une pers\u00e9v\u00e9rance in\u00e9branlable pour r\u00e9pondre aux besoins des populations les plus vuln\u00e9rables. Chaque mission est men\u00e9e avec d\u00e9termination , en veillant \u00e0 ce que nos actions aient un impact durable.<\/span><\/p><\/li><li style=\"font-size: 17px;\"><p style=\"font-size: 17px;\"><font style=\"vertical-align: inherit;\"><font style=\"vertical-align: inherit;\"><font style=\"vertical-align: inherit;\"><strong>Pertinence des missions exploratoires :<\/strong> <br>Nos missions exploratoires sont soigneusement con\u00e7ues pour identifier avec pr\u00e9cision les besoins locaux, afin de d\u00e9velopper des interventions pertinentes, efficaces et adapt\u00e9es aux r\u00e9alit\u00e9s du terrain.<\/font><\/font><\/font><\/p><\/li><li style=\"font-size: 17px;\"><p style=\"font-size: 17px;\"><font style=\"vertical-align: inherit;\"><font style=\"vertical-align: inherit;\"><font style=\"vertical-align: inherit;\"><strong>Accompagnement d&rsquo;expert.es locaux :<\/strong> <br>Nous nous engageons \u00e0 travailler avec des expert.es locaux, afin de garantir des solutions ancr\u00e9es dans les connaissances et les pratiques culturelles sp\u00e9cifiques, tout en renfor\u00e7ant les capacit\u00e9s locales.<\/font><\/font><\/font><\/p><\/li><\/ul>\n\n\n<ul style=\"font-size: 17px; font-style: normal; font-weight: 400;\"><li style=\"font-size: 17px;\"><p style=\"font-size: 17px;\"><span style=\"font-weight: 700;\"><font style=\"vertical-align: inherit;\"><font style=\"vertical-align: inherit;\"><font style=\"vertical-align: inherit;\"><font style=\"vertical-align: inherit;\">Exp\u00e9rience et comp\u00e9tences au service de la population : <\/font><\/font><\/font><\/font><\/span><font style=\"vertical-align: inherit;\"><font style=\"vertical-align: inherit;\"><font style=\"vertical-align: inherit;\"><font style=\"vertical-align: inherit;\"><font style=\"vertical-align: inherit;\">Nous mettons nos comp\u00e9tences et notre expertise \u00e0 disposition des communaut\u00e9s locales, comblant ainsi les lacunes existantes dans les services, et contribuons concr\u00e8tement \u00e0 am\u00e9liorer les conditions de vie des populations.<\/font><\/font><\/font><\/font><\/font><font style=\"vertical-align: inherit;\">&nbsp;<font style=\"vertical-align: inherit;\"><font style=\"vertical-align: inherit;\"> <br><font style=\"vertical-align: inherit;\"><\/font><\/font><\/font><\/font><\/p><\/li><li style=\"font-size: 17px;\"><p style=\"font-size: 17px;\"><font style=\"vertical-align: inherit;\"><span style=\"font-weight: 700;\"><font style=\"vertical-align: inherit;\"><font style=\"vertical-align: inherit;\"><font style=\"vertical-align: inherit;\"><font style=\"vertical-align: inherit;\">Placer l&rsquo;individu au c\u0153ur des projets et de la co-construction :<\/font><\/font><\/font><\/font>&nbsp;<\/span><font style=\"vertical-align: inherit;\"><font style=\"vertical-align: inherit;\"><font style=\"vertical-align: inherit;\"><font style=\"vertical-align: inherit;\"> L&rsquo;individu est au centre de notre approche. <\/font><\/font><\/font><font style=\"vertical-align: inherit;\"><font style=\"vertical-align: inherit;\"><font style=\"vertical-align: inherit;\">Nous croyons fermement \u00e0 la co-construction de projets p\u00e9rennes, o\u00f9 les b\u00e9n\u00e9ficiaires sont des acteurs \u00e0 part enti\u00e8re. <\/font><\/font><\/font><font style=\"vertical-align: inherit;\"><font style=\"vertical-align: inherit;\"><font style=\"vertical-align: inherit;\">Nous nous adaptons de mani\u00e8re flexible aux d\u00e9fis locaux, afin de garantir des solutions durables et inclusives qui r\u00e9pondent v\u00e9ritablement aux besoins des communaut\u00e9s.&nbsp;<\/font><\/font><\/font><\/font><font style=\"vertical-align: inherit;\"><font style=\"vertical-align: inherit;\"><br><font style=\"vertical-align: inherit;\"><\/font><\/font><\/font><\/font><\/p><\/li><\/ul>\n\n\n\n\n\n\n\n\n\n\n\n\n\n\n\n<font style=\"vertical-align: inherit;\"><font style=\"vertical-align: inherit;\">\nNotre repr\u00e9sentant <\/font><\/font>\n\n\n\n<font style=\"vertical-align: inherit;\"><font style=\"vertical-align: inherit;\">Notre adresse &nbsp;<\/font><\/font>\nSPD<br>MU GUYENNE KAHEKWA PHILEMON<br>BUKAVU \/ TDC<br>BOITE POSTALE 86<br>CYANGUGU \/ RWANDA\n\n\nPour nous contacter\n<h5><font style=\"vertical-align: inherit;\"><font style=\"vertical-align: inherit;\"><font style=\"vertical-align: inherit;\"><font style=\"vertical-align: inherit;\">\n\n\n\nPar e-mail : <\/font><\/font><br><font style=\"vertical-align: inherit;\"><font style=\"vertical-align: inherit;\">philemon.kahekwa@solidarite-pour-les-desherites.org<\/font><\/font><\/font><\/font><\/h5>\n<font style=\"vertical-align: inherit;\"><font style=\"vertical-align: inherit;\">\n\n\n\nPar t\u00e9l\u00e9phone : +243 841 227 912<\/font><\/font>\n\n\n\n\n\n\n\n\n\n\n\n\n\n","protected":false},"excerpt":{"rendered":"","protected":false},"author":1,"featured_media":0,"parent":0,"menu_order":0,"comment_status":"closed","ping_status":"closed","template":"","meta":{"give_campaign_id":0,"_seopress_titles_title":"Solidarit\u00e9 Pour les D\u00e9sh\u00e9rit\u00e9s -Qui sommes-nous ?","_seopress_titles_desc":"L'ONG Solidarit\u00e9 Pour les D\u00e9sh\u00e9rit\u00e9s (SPD) est une organisation non gouvernementale qui vient en aide aux populations d\u00e9favoris\u00e9es en R\u00e9publique D\u00e9mocratique du Congo","_seopress_robots_index":"","_seopress_robots_follow":"","_seopress_robots_imageindex":"","_seopress_robots_snippet":"","_seopress_robots_primary_cat":"","_seopress_robots_breadcrumbs":"","_seopress_robots_freeze_modified_date":"","_seopress_robots_custom_modified_date":"","_seopress_robots_canonical":"","_seopress_social_fb_title":"","_seopress_social_fb_desc":"","_seopress_social_fb_img":"","_seopress_social_fb_img_attachment_id":0,"_seopress_social_fb_img_width":0,"_seopress_social_fb_img_height":0,"_seopress_social_twitter_title":"","_seopress_social_twitter_desc":"","_seopress_social_twitter_img":"","_seopress_social_twitter_img_attachment_id":0,"_seopress_social_twitter_img_width":0,"_seopress_social_twitter_img_height":0,"_seopress_redirections_value":"","_seopress_redirections_enabled":"","_seopress_redirections_enabled_regex":"","_seopress_redirections_logged_status":"both","_seopress_redirections_param":"","_seopress_redirections_type":301,"_seopress_analysis_target_kw":"","pagelayer_contact_templates":[],"_pagelayer_content":"","site-sidebar-layout":"default","site-content-layout":"","ast-site-content-layout":"default","site-content-style":"default","site-sidebar-style":"default","ast-global-header-display":"","ast-banner-title-visibility":"","ast-main-header-display":"","ast-hfb-above-header-display":"","ast-hfb-below-header-display":"","ast-hfb-mobile-header-display":"","site-post-title":"","ast-breadcrumbs-content":"","ast-featured-img":"","footer-sml-layout":"","theme-transparent-header-meta":"","adv-header-id-meta":"","stick-header-meta":"","header-above-stick-meta":"","header-main-stick-meta":"","header-below-stick-meta":"","astra-migrate-meta-layouts":"default","ast-page-background-enabled":"default","ast-page-background-meta":{"desktop":{"background-color":"var(--ast-global-color-4)","background-image":"","background-repeat":"repeat","background-position":"center center","background-size":"auto","background-attachment":"scroll","background-type":"","background-media":"","overlay-type":"","overlay-color":"","overlay-opacity":"","overlay-gradient":""},"tablet":{"background-color":"","background-image":"","background-repeat":"repeat","background-position":"center center","background-size":"auto","background-attachment":"scroll","background-type":"","background-media":"","overlay-type":"","overlay-color":"","overlay-opacity":"","overlay-gradient":""},"mobile":{"background-color":"","background-image":"","background-repeat":"repeat","background-position":"center center","background-size":"auto","background-attachment":"scroll","background-type":"","background-media":"","overlay-type":"","overlay-color":"","overlay-opacity":"","overlay-gradient":""}},"ast-content-background-meta":{"desktop":{"background-color":"var(--ast-global-color-5)","background-image":"","background-repeat":"repeat","background-position":"center center","background-size":"auto","background-attachment":"scroll","background-type":"","background-media":"","overlay-type":"","overlay-color":"","overlay-opacity":"","overlay-gradient":""},"tablet":{"background-color":"var(--ast-global-color-5)","background-image":"","background-repeat":"repeat","background-position":"center center","background-size":"auto","background-attachment":"scroll","background-type":"","background-media":"","overlay-type":"","overlay-color":"","overlay-opacity":"","overlay-gradient":""},"mobile":{"background-color":"var(--ast-global-color-5)","background-image":"","background-repeat":"repeat","background-position":"center center","background-size":"auto","background-attachment":"scroll","background-type":"","background-media":"","overlay-type":"","overlay-color":"","overlay-opacity":"","overlay-gradient":""}},"footnotes":""},"class_list":["post-106","page","type-page","status-publish","hentry"],"campaignId":"","jetpack_sharing_enabled":true,"_links":{"self":[{"href":"https:\/\/www.solidarite-pour-les-desherites.org\/index.php?rest_route=\/wp\/v2\/pages\/106","targetHints":{"allow":["GET"]}}],"collection":[{"href":"https:\/\/www.solidarite-pour-les-desherites.org\/index.php?rest_route=\/wp\/v2\/pages"}],"about":[{"href":"https:\/\/www.solidarite-pour-les-desherites.org\/index.php?rest_route=\/wp\/v2\/types\/page"}],"author":[{"embeddable":true,"href":"https:\/\/www.solidarite-pour-les-desherites.org\/index.php?rest_route=\/wp\/v2\/users\/1"}],"replies":[{"embeddable":true,"href":"https:\/\/www.solidarite-pour-les-desherites.org\/index.php?rest_route=%2Fwp%2Fv2%2Fcomments&post=106"}],"version-history":[{"count":97,"href":"https:\/\/www.solidarite-pour-les-desherites.org\/index.php?rest_route=\/wp\/v2\/pages\/106\/revisions"}],"predecessor-version":[{"id":757,"href":"https:\/\/www.solidarite-pour-les-desherites.org\/index.php?rest_route=\/wp\/v2\/pages\/106\/revisions\/757"}],"wp:attachment":[{"href":"https:\/\/www.solidarite-pour-les-desherites.org\/index.php?rest_route=%2Fwp%2Fv2%2Fmedia&parent=106"}],"curies":[{"name":"wp","href":"https:\/\/api.w.org\/{rel}","templated":true}]}}