{"id":238,"date":"2025-01-09T12:54:39","date_gmt":"2025-01-09T12:54:39","guid":{"rendered":"https:\/\/www.solidarite-pour-les-desherites.org\/?page_id=238"},"modified":"2025-01-28T08:38:57","modified_gmt":"2025-01-28T08:38:57","slug":"nos-realisations","status":"publish","type":"page","link":"https:\/\/www.solidarite-pour-les-desherites.org\/?page_id=238","title":{"rendered":"Nos r\u00e9alisations"},"content":{"rendered":"\n\n\n\n\n\n\n\n<h3>Sant\u00e9<\/h3>\n\n\n\n\n\n<p>Lorem Ipsum has been the industry&rsquo;s standard dummy text ever since the 1500s.<\/p>\n\n\n<ul><li><span style=\"font-size: 16px; font-style: inherit; font-weight: inherit; text-align: justify; background-color: var(--ast-global-color-5); color: var(--ast-global-color-3);\">Nous avons contribu\u00e9 \u00e0 mettre en place un programme pour la s\u00e9curit\u00e9 alimentaire de 365 enfants vivants dans des m\u00e9nages d\u00e9munis, qui sont touch\u00e9s par la malnutrition, dont 25 enfants internes et 340 externes en leur fournissant une prise en charge nutritionnelle adapt\u00e9e. Gr\u00e2ce \u00e0 ce programme nous travaillons \u00e0 leur garantir \u00e0 un acc\u00e8s \u00e0 une alimentation \u00e9quilibr\u00e9e et \u00e0 des soins de sant\u00e9 alimentaire, contribuant ainsi \u00e0 leur r\u00e9tablissement et leur d\u00e9veloppement.&nbsp;<\/span><\/li><\/ul>\n\n\n\n\n\n<p><\/p><ul><li><p style=\"text-align: justify;\"><font style=\"vertical-align: inherit;\"><font style=\"vertical-align: inherit;\"><font style=\"vertical-align: inherit;\"><font style=\"vertical-align: inherit;\">Nous avons apport\u00e9 une aide substantielle \u00e0 100 personnes du troisi\u00e8me \u00e2ge, en leur fournissant des vivres et un soutient mat\u00e9riel essentiel pour leur bien \u00eatre.<\/font><\/font><\/font><\/font><\/p><\/li><li><p style=\"text-align: justify;\"><font style=\"vertical-align: inherit;\"><font style=\"vertical-align: inherit;\"><font style=\"vertical-align: inherit;\"><font style=\"vertical-align: inherit;\">Nous avons aussi pris en charge les frais m\u00e9dicaux de 13 personnes vuln\u00e9rables, leur permettant d&rsquo;acc\u00e9der \u00e0 des soin de sant\u00e9 n\u00e9cessaires pour leur r\u00e9tablissement.<\/font><\/font><\/font><\/font><\/p><\/li><\/ul>\n\n\n\n<p>Lorem Ipsum has been the industry&rsquo;s standard dummy text ever since the 1500s.<\/p>\n\n\n\n\n\n\n\n\n\n<h3><font style=\"vertical-align: inherit;\"><font style=\"vertical-align: inherit;\"><font style=\"vertical-align: inherit;\"><font style=\"vertical-align: inherit;\">Agriculture\u00a0<\/font><\/font><\/font><\/font><\/h3>\n\n\n\n\n\n<p>Lorem Ipsum has been the industry&rsquo;s standard dummy text ever since the 1500s.<\/p>\n\n\n<ul style=\"font-size: 16px; font-style: normal; font-weight: 400;\"><li style=\"font-size: 16px;\"><p style=\"font-size: 16px; text-align: justify;\"><font style=\"vertical-align: inherit;\"><font style=\"vertical-align: inherit;\"><font style=\"vertical-align: inherit;\"><font style=\"vertical-align: inherit;\"><font style=\"vertical-align: inherit;\"><font style=\"vertical-align: inherit;\"><font style=\"vertical-align: inherit;\"><font style=\"vertical-align: inherit;\"><font style=\"vertical-align: inherit;\"><font style=\"vertical-align: inherit;\"><font style=\"vertical-align: inherit;\">Nous avons initi\u00e9 et install\u00e9 un champ \u00e9cole \u00e0 semence biologique renforc\u00e9e (haricot, ma\u00efs jaune, patate douce \u00e0 chaire jaune, carotte) pour favoriser la multiplication de semences durables et r\u00e9silientes. Ce projet vise \u00e0 garantir une production agricole saine et \u00e0 long terme, tout en renfor\u00e7ant l&rsquo;autonomie des communaut\u00e9s locales en mati\u00e8re de s\u00e9curit\u00e9 alimentaire.<\/font><\/font><\/font><\/font><\/font><\/font><\/font><\/font><\/font><\/font><\/font><\/p><\/li><li style=\"font-size: 16px;\"><p style=\"font-size: 16px; text-align: justify;\"><span style=\"font-style: inherit; font-weight: inherit; color: var(--ast-global-color-3); background-color: var(--ast-global-color-5);\"><font style=\"vertical-align: inherit;\"><font style=\"vertical-align: inherit;\"><font style=\"vertical-align: inherit;\">Toujours dans le but de contribuer \u00e0 l&rsquo;am\u00e9lioration des conditions de vie des familles et \u00e0 la diversification de leur source alimentaire. Nous avons \u00e9galement distribu\u00e9 du b\u00e9tail (60 porcs, 60 ch\u00e8vres, 120 lapins) aux m\u00e9nages vuln\u00e9rables.<\/font><\/font><\/font><\/span><span style=\"font-style: inherit; font-weight: inherit; color: var(--ast-global-color-3); background-color: var(--ast-global-color-5);\">&nbsp;<\/span><\/p><\/li><\/ul>\n\n\n\n\n\n\n\n\n\n<h3>Education<\/h3>\n\n\n\n\n\n<p><\/p><font style=\"font-style: inherit; font-weight: inherit; text-align: justify; background-color: var(--ast-global-color-5); color: var(--ast-global-color-3); vertical-align: inherit;\"><ul><li><font style=\"font-style: inherit; font-weight: inherit; text-align: justify; background-color: var(--ast-global-color-5); color: var(--ast-global-color-3); vertical-align: inherit;\"><font style=\"vertical-align: inherit;\"><font style=\"vertical-align: inherit;\"><font style=\"vertical-align: inherit;\">Nous avons distribu\u00e9 des kits scolai<\/font><\/font><font style=\"vertical-align: inherit;\"><font style=\"vertical-align: inherit;\">res et pris en charge les frais de scolarit\u00e9 de 25 enfants orphelins et d\u00e9munis, afin de leur offrir la possibilit\u00e9 d&rsquo;acc\u00e9der \u00e0 une \u00e9ducat<\/font><\/font><span style=\"line-height:1;\"><\/span><font style=\"vertical-align: inherit;\"><font style=\"vertical-align: inherit;\">ion de qualit\u00e9 <\/font><\/font><\/font><\/font><strong style=\"font-style: inherit; text-align: justify; background-color: var(--ast-global-color-5); color: var(--ast-global-color-3);\"><font style=\"vertical-align: inherit;\"><font style=\"vertical-align: inherit;\"><font style=\"vertical-align: inherit;\"><font style=\"vertical-align: inherit;\">.<\/font><\/font><\/font><\/font><\/strong><font style=\"font-style: inherit; font-weight: inherit; text-align: justify; background-color: var(--ast-global-color-5); color: var(--ast-global-color-3); vertical-align: inherit;\"><font style=\"vertical-align: inherit;\"><font style=\"vertical-align: inherit;\"><font style=\"vertical-align: inherit;\"> Ce soutien vise \u00e0 lutter contre l&rsquo;analphab\u00e9tisme et \u00e0 ouvrir des portes vers des opportunit\u00e9s de formation, contribuant ainsi \u00e0 leur \u00e9panouissement personnel et \u00e0 leur avenir.<\/font><\/font><\/font><\/font><\/li><\/ul><\/font>\n\n\n<p>Lorem Ipsum has been the industry&rsquo;s standard dummy text ever since the 1500s.<\/p>\n\n\n\n\n\n\n\n\n\n<h3>Economie<\/h3>\n\n\n\n\n\n<p>Lorem Ipsum has been the industry&rsquo;s standard dummy text ever since the 1500s.<\/p>\n\n\n\n<p><\/p><ul><li style=\"text-align: justify;\"><font style=\"vertical-align: inherit;\"><font style=\"vertical-align: inherit;\"><font style=\"vertical-align: inherit;\"><font style=\"vertical-align: inherit;\"><font style=\"vertical-align: inherit;\"><font style=\"vertical-align: inherit;\">Nous avons octroy\u00e9 un soutien financier de 1500 dollars am\u00e9ricains \u00e0 15 femmes en situation de pr\u00e9carit\u00e9, afin de les aider \u00e0 d\u00e9velopper leur activit\u00e9s de petit commerce. Cette aide vise a renforcer leur autonomie \u00e9conomique, en leur offrant les moyens n\u00e9cessaires pour am\u00e9lior\u00e9 leur activit\u00e9 et g\u00e9n\u00e9rer des revenus durables pour leur familles.<\/font><\/font><\/font><\/font><\/font><\/font><\/li><\/ul>\n\n\n\n\n\n\n\n\n\n<p><font style=\"vertical-align: inherit;\"><font style=\"vertical-align: inherit;\">Malgr\u00e9 ces quelques r\u00e9alisations, les besoins demeurent consid\u00e9rables, notamment pour les femmes chefs de famille sans emploi <br>ni source de revenus, qui doivent avoir recours \u00e0 l&rsquo;aide d&rsquo;urgence, ainsi que des solutions \u00e0 court, moyen et long terme. C&rsquo;est dans ce contexte que le SPD a cr\u00e9\u00e9 et rendu op\u00e9rationnels les groupes des Associations Villageoises d&rsquo;\u00c9pargne et de Cr\u00e9dit (AVEC), une approche strat\u00e9gique qui permet aux femmes de g\u00e9n\u00e9rer leurs propres emplois en vue de leur autonomisation \u00e9conomique.<\/font><\/font><\/p>\n\n\n\n\n\n\n\n\n\n\n\n","protected":false},"excerpt":{"rendered":"","protected":false},"author":1,"featured_media":0,"parent":0,"menu_order":0,"comment_status":"closed","ping_status":"closed","template":"","meta":{"give_campaign_id":0,"_seopress_titles_title":"Solidarit\u00e9s pour les D\u00e9sh\u00e9rit\u00e9s - Nos r\u00e9alisations","_seopress_titles_desc":"L'ONG Solidarit\u00e9 pour les d\u00e9sh\u00e9rit\u00e9s (SPD) Situer en R\u00e9publique D\u00e9mocratique du Congo, par ses nombreuses r\u00e9alisations contribuer a apporter des solutions aux populations d\u00e9munies","_seopress_robots_index":"","_seopress_robots_follow":"","_seopress_robots_imageindex":"","_seopress_robots_snippet":"","_seopress_robots_primary_cat":"","_seopress_robots_breadcrumbs":"","_seopress_robots_freeze_modified_date":"","_seopress_robots_custom_modified_date":"","_seopress_robots_canonical":"","_seopress_social_fb_title":"","_seopress_social_fb_desc":"","_seopress_social_fb_img":"","_seopress_social_fb_img_attachment_id":0,"_seopress_social_fb_img_width":0,"_seopress_social_fb_img_height":0,"_seopress_social_twitter_title":"","_seopress_social_twitter_desc":"","_seopress_social_twitter_img":"","_seopress_social_twitter_img_attachment_id":0,"_seopress_social_twitter_img_width":0,"_seopress_social_twitter_img_height":0,"_seopress_redirections_value":"","_seopress_redirections_enabled":"","_seopress_redirections_enabled_regex":"","_seopress_redirections_logged_status":"both","_seopress_redirections_param":"","_seopress_redirections_type":301,"_seopress_analysis_target_kw":"","pagelayer_contact_templates":[],"_pagelayer_content":"","site-sidebar-layout":"default","site-content-layout":"","ast-site-content-layout":"default","site-content-style":"default","site-sidebar-style":"default","ast-global-header-display":"","ast-banner-title-visibility":"","ast-main-header-display":"","ast-hfb-above-header-display":"","ast-hfb-below-header-display":"","ast-hfb-mobile-header-display":"","site-post-title":"","ast-breadcrumbs-content":"","ast-featured-img":"","footer-sml-layout":"","theme-transparent-header-meta":"","adv-header-id-meta":"","stick-header-meta":"","header-above-stick-meta":"","header-main-stick-meta":"","header-below-stick-meta":"","astra-migrate-meta-layouts":"default","ast-page-background-enabled":"default","ast-page-background-meta":{"desktop":{"background-color":"var(--ast-global-color-4)","background-image":"","background-repeat":"repeat","background-position":"center center","background-size":"auto","background-attachment":"scroll","background-type":"","background-media":"","overlay-type":"","overlay-color":"","overlay-opacity":"","overlay-gradient":""},"tablet":{"background-color":"","background-image":"","background-repeat":"repeat","background-position":"center center","background-size":"auto","background-attachment":"scroll","background-type":"","background-media":"","overlay-type":"","overlay-color":"","overlay-opacity":"","overlay-gradient":""},"mobile":{"background-color":"","background-image":"","background-repeat":"repeat","background-position":"center center","background-size":"auto","background-attachment":"scroll","background-type":"","background-media":"","overlay-type":"","overlay-color":"","overlay-opacity":"","overlay-gradient":""}},"ast-content-background-meta":{"desktop":{"background-color":"var(--ast-global-color-5)","background-image":"","background-repeat":"repeat","background-position":"center center","background-size":"auto","background-attachment":"scroll","background-type":"","background-media":"","overlay-type":"","overlay-color":"","overlay-opacity":"","overlay-gradient":""},"tablet":{"background-color":"var(--ast-global-color-5)","background-image":"","background-repeat":"repeat","background-position":"center center","background-size":"auto","background-attachment":"scroll","background-type":"","background-media":"","overlay-type":"","overlay-color":"","overlay-opacity":"","overlay-gradient":""},"mobile":{"background-color":"var(--ast-global-color-5)","background-image":"","background-repeat":"repeat","background-position":"center center","background-size":"auto","background-attachment":"scroll","background-type":"","background-media":"","overlay-type":"","overlay-color":"","overlay-opacity":"","overlay-gradient":""}},"footnotes":""},"class_list":["post-238","page","type-page","status-publish","hentry"],"campaignId":"","jetpack_sharing_enabled":true,"_links":{"self":[{"href":"https:\/\/www.solidarite-pour-les-desherites.org\/index.php?rest_route=\/wp\/v2\/pages\/238","targetHints":{"allow":["GET"]}}],"collection":[{"href":"https:\/\/www.solidarite-pour-les-desherites.org\/index.php?rest_route=\/wp\/v2\/pages"}],"about":[{"href":"https:\/\/www.solidarite-pour-les-desherites.org\/index.php?rest_route=\/wp\/v2\/types\/page"}],"author":[{"embeddable":true,"href":"https:\/\/www.solidarite-pour-les-desherites.org\/index.php?rest_route=\/wp\/v2\/users\/1"}],"replies":[{"embeddable":true,"href":"https:\/\/www.solidarite-pour-les-desherites.org\/index.php?rest_route=%2Fwp%2Fv2%2Fcomments&post=238"}],"version-history":[{"count":39,"href":"https:\/\/www.solidarite-pour-les-desherites.org\/index.php?rest_route=\/wp\/v2\/pages\/238\/revisions"}],"predecessor-version":[{"id":690,"href":"https:\/\/www.solidarite-pour-les-desherites.org\/index.php?rest_route=\/wp\/v2\/pages\/238\/revisions\/690"}],"wp:attachment":[{"href":"https:\/\/www.solidarite-pour-les-desherites.org\/index.php?rest_route=%2Fwp%2Fv2%2Fmedia&parent=238"}],"curies":[{"name":"wp","href":"https:\/\/api.w.org\/{rel}","templated":true}]}}