{"id":30,"date":"2024-08-21T13:53:06","date_gmt":"2024-08-21T13:53:06","guid":{"rendered":"https:\/\/www.solidarite-pour-les-desherites.org\/?page_id=30"},"modified":"2025-01-31T15:53:03","modified_gmt":"2025-01-31T15:53:03","slug":"les-causes-que-nous-defendons","status":"publish","type":"page","link":"https:\/\/www.solidarite-pour-les-desherites.org\/?page_id=30","title":{"rendered":"Nos missions"},"content":{"rendered":"\n\n\n\n\n\n\n<p>Lorem Ipsum has been the industry&rsquo;s standard dummy text ever since the 1500s.<\/p>\n\n\n\n<p style=\"text-align: center;\"><font face=\"Roboto\" style=\"font-size: medium;\"><strong><font style=\"vertical-align: inherit;\"><font style=\"vertical-align: inherit;\"><font style=\"vertical-align: inherit;\"><font style=\"vertical-align: inherit;\"><font style=\"vertical-align: inherit;\"><font style=\"vertical-align: inherit;\">Nous sommes une organisation non gouvernementale, <\/font><\/font><\/font><\/font><\/font><\/font><br><\/strong><font style=\"vertical-align: inherit;\"><font style=\"vertical-align: inherit;\"><font style=\"vertical-align: inherit;\"><font style=\"vertical-align: inherit;\"><strong><font style=\"vertical-align: inherit;\"><font style=\"vertical-align: inherit;\">aussi, nos missions sont de nous mettre au service des populations afin de contribuer \u00e0 am\u00e9liorer leurs conditions<\/font><\/font><font style=\"vertical-align: inherit;\"><font style=\"vertical-align: inherit;\">&nbsp;de vie, leur sant\u00e9 et leur bien-\u00eatre. <\/font><\/font><\/strong><\/font><\/font><\/font><\/font><\/font><\/p>\n<p style=\"text-align: center;\"><font face=\"Roboto\" style=\"font-size: medium;\"><font style=\"vertical-align: inherit;\"><font style=\"vertical-align: inherit;\"><font style=\"vertical-align: inherit;\"><font style=\"vertical-align: inherit;\"><strong><font style=\"vertical-align: inherit;\"><font style=\"vertical-align: inherit;\"><font style=\"vertical-align: inherit;\"><font style=\"vertical-align: inherit;\">Celles ci entrent dans les th\u00e9matiques suivantes<\/font><\/font><\/font><\/font><\/strong><font style=\"vertical-align: inherit;\"><font style=\"vertical-align: inherit;\"><font style=\"vertical-align: inherit;\"><font style=\"vertical-align: inherit;\"> :<\/font><\/font><\/font><\/font><\/font><\/font><\/font><\/font><\/font><\/p><ul style=\"font-size: 16px; font-style: normal;\"><li style=\"font-size: 16px;\"><p style=\"font-size: 16px; text-align: justify;\"><span style=\"font-style: inherit; font-family: Roboto; background-color: var(--ast-global-color-5); color: var(--ast-global-color-3);\"><font style=\"vertical-align: inherit;\"><font style=\"vertical-align: inherit;\"><font style=\"vertical-align: inherit;\"><font style=\"vertical-align: inherit;\"><font style=\"vertical-align: inherit;\"><font style=\"vertical-align: inherit;\"><font style=\"vertical-align: inherit;\"><font style=\"vertical-align: inherit;\"><font style=\"vertical-align: inherit;\"><font style=\"vertical-align: inherit;\"><font style=\"vertical-align: inherit;\"><strong><font style=\"vertical-align: inherit;\"><font style=\"vertical-align: inherit;\"><font style=\"vertical-align: inherit;\"><font style=\"vertical-align: inherit;\"><font style=\"vertical-align: inherit;\"><font style=\"vertical-align: inherit;\"><font style=\"vertical-align: inherit;\"><font style=\"vertical-align: inherit;\">Am\u00e9liorer de mani\u00e8re structurelle les conditions de vie des populations dans les zones d&rsquo;intervention <\/font><\/font><\/font><\/font><\/font><\/font><\/font><\/font><\/strong><span style=\"font-weight: inherit;\"><font style=\"vertical-align: inherit;\"><font style=\"vertical-align: inherit;\"><font style=\"vertical-align: inherit;\"><font style=\"vertical-align: inherit;\"><font style=\"vertical-align: inherit;\"><font style=\"vertical-align: inherit;\"><font style=\"vertical-align: inherit;\"><font style=\"vertical-align: inherit;\">: <\/font><\/font><\/font><\/font><\/font><\/font><\/font><\/font><br><font style=\"vertical-align: inherit;\"><font style=\"vertical-align: inherit;\"><font style=\"vertical-align: inherit;\"><font style=\"vertical-align: inherit;\"><font style=\"vertical-align: inherit;\"><font style=\"vertical-align: inherit;\"><font style=\"vertical-align: inherit;\"><font style=\"vertical-align: inherit;\">Nous \u0153uvrons \u00e0 l&rsquo;am\u00e9lioration durable des conditions de vie des populations en mettant en place des solutions structurelles qui r\u00e9pondent aux d\u00e9fis locaux sp\u00e9cifiques, qu&rsquo;il s&rsquo;agisse d&rsquo;acc\u00e8s \u00e0 l&rsquo;eau, au logement, \u00e0 la sant\u00e9, ou \u00e0 l&rsquo;\u00e9ducation.<\/font><\/font><\/font><\/font><\/font><\/font><\/font><\/font><br><br><\/span><\/font><\/font><\/font><\/font><\/font><\/font><\/font><\/font><\/font><\/font><\/font><\/span><\/p><\/li><li style=\"font-size: 16px;\"><p style=\"font-size: 16px; text-align: justify;\"><span style=\"font-style: inherit; font-family: Roboto; background-color: var(--ast-global-color-5); color: var(--ast-global-color-3);\"><font style=\"vertical-align: inherit;\"><font style=\"vertical-align: inherit;\"><font style=\"vertical-align: inherit;\"><font style=\"vertical-align: inherit;\"><font style=\"vertical-align: inherit;\"><font style=\"vertical-align: inherit;\"><font style=\"vertical-align: inherit;\"><font style=\"vertical-align: inherit;\"><font style=\"vertical-align: inherit;\"><font style=\"vertical-align: inherit;\"><font style=\"vertical-align: inherit;\"><font style=\"vertical-align: inherit;\"><font style=\"vertical-align: inherit;\"><strong><font style=\"vertical-align: inherit;\"><font style=\"vertical-align: inherit;\"><font style=\"vertical-align: inherit;\"><font style=\"vertical-align: inherit;\"><font style=\"vertical-align: inherit;\"><font style=\"vertical-align: inherit;\"><font style=\"vertical-align: inherit;\"><font style=\"vertical-align: inherit;\">Nous agissons aupr\u00e8s des populations \u00e0 faibles revenus et les impliquons dans le d\u00e9veloppement de leurs communaut\u00e9s <\/font><\/font><\/font><\/font><\/font><\/font><\/font><\/font><\/strong><span style=\"font-weight: inherit;\"><font style=\"vertical-align: inherit;\"><font style=\"vertical-align: inherit;\"><font style=\"vertical-align: inherit;\"><font style=\"vertical-align: inherit;\"><font style=\"vertical-align: inherit;\"><font style=\"vertical-align: inherit;\"><font style=\"vertical-align: inherit;\"><font style=\"vertical-align: inherit;\">: <\/font><\/font><\/font><\/font><\/font><\/font><\/font><\/font><\/span><br><span style=\"font-weight: inherit;\"><font style=\"vertical-align: inherit;\"><font style=\"vertical-align: inherit;\"><font style=\"vertical-align: inherit;\"><font style=\"vertical-align: inherit;\"><font style=\"vertical-align: inherit;\"><font style=\"vertical-align: inherit;\"><font style=\"vertical-align: inherit;\"><font style=\"vertical-align: inherit;\">Notre \u0153uvre consiste \u00e0 soutenir les communaut\u00e9s \u00e0 faibles revenus, tout en encourageant leur participation active au d\u00e9veloppement local. Nous sommes persuad\u00e9s que leur implication est essentielle pour cr\u00e9er des solutions adapt\u00e9es et p\u00e9rennes, favorisant ainsi leur autonomie.<\/font><\/font><\/font><\/font><\/font><\/font><\/font><\/font><\/span><strong><br><br><\/strong><\/font><\/font><\/font><\/font><\/font><\/font><\/font><\/font><\/font><\/font><\/font><\/font><\/font><\/span><\/p><\/li><li style=\"font-size: 16px;\"><p style=\"font-size: 16px; text-align: justify;\"><span style=\"font-style: inherit; font-family: Roboto; background-color: var(--ast-global-color-5); color: var(--ast-global-color-3);\"><font style=\"vertical-align: inherit;\"><font style=\"vertical-align: inherit;\"><font style=\"vertical-align: inherit;\"><font style=\"vertical-align: inherit;\"><font style=\"vertical-align: inherit;\"><font style=\"vertical-align: inherit;\"><font style=\"vertical-align: inherit;\"><font style=\"vertical-align: inherit;\"><font style=\"vertical-align: inherit;\"><font style=\"vertical-align: inherit;\"><font style=\"vertical-align: inherit;\"><font style=\"vertical-align: inherit;\"><font style=\"vertical-align: inherit;\"><strong><font style=\"vertical-align: inherit;\"><font style=\"vertical-align: inherit;\"><font style=\"vertical-align: inherit;\"><font style=\"vertical-align: inherit;\"><font style=\"vertical-align: inherit;\"><font style=\"vertical-align: inherit;\"><font style=\"vertical-align: inherit;\"><font style=\"vertical-align: inherit;\">Lutter contre la pauvret\u00e9 par l&rsquo;apprentissage et la cr\u00e9ation d&rsquo;activit\u00e9s g\u00e9n\u00e9ratrices de revenus : <br><\/font><\/font><\/font><\/font><\/font><\/font><\/font><\/font><\/strong><font style=\"vertical-align: inherit;\"><span style=\"font-weight: inherit;\"><font style=\"vertical-align: inherit;\"><font style=\"vertical-align: inherit;\"><font style=\"vertical-align: inherit;\"><font style=\"vertical-align: inherit;\"><font style=\"vertical-align: inherit;\"><font style=\"vertical-align: inherit;\"><font style=\"vertical-align: inherit;\">Nous agissons directement pour lutter contre la pauvret\u00e9 en offrant des opportunit\u00e9s d&rsquo;apprentissage et de formation, accompagn\u00e9s d&rsquo;activit\u00e9s g\u00e9n\u00e9ratrices de revenus. Ces initiatives visent \u00e0 am\u00e9liorer la situation financi\u00e8re et l&rsquo;acc\u00e8s \u00e0 des opportunit\u00e9s \u00e9conomiques favorables aux m\u00e9nages.<\/font><\/font><\/font><\/font><\/font><\/font><\/font><\/span><\/font><span style=\"font-weight: inherit;\"> <br><font style=\"vertical-align: inherit;\"><\/font><\/span><\/font><\/font><\/font><\/font><\/font><\/font><\/font><\/font><\/font><\/font><\/font><\/font><\/font><\/span><\/p><\/li><\/ul>\n\n\n\n\n<ul style=\"font-size: 16px; font-style: normal;\"><li style=\"font-size: 16px;\"><p style=\"font-size: 16px; text-align: justify;\"><font face=\"Roboto\" style=\"\"><font style=\"vertical-align: inherit;\"><font style=\"vertical-align: inherit;\"><font style=\"vertical-align: inherit;\"><font style=\"vertical-align: inherit;\"><font style=\"vertical-align: inherit;\"><font style=\"vertical-align: inherit;\"><font style=\"vertical-align: inherit;\"><font style=\"vertical-align: inherit;\"><strong><font style=\"vertical-align: inherit;\"><font style=\"vertical-align: inherit;\">Contribuer au bien-\u00eatre des populations d\u00e9munies<\/font><\/font><\/strong><font style=\"vertical-align: inherit;\"><font style=\"vertical-align: inherit;\"> : <\/font><\/font><br><font style=\"vertical-align: inherit;\"><font style=\"vertical-align: inherit;\">Nous nous engageons activement \u00e0 am\u00e9liorer le bien-\u00eatre des populations vuln\u00e9rables, en apportant un soutien direct et concret aux personnes qui en ont le plus besoin. Notre action se veut un levier pour transformer les conditions de vie de ces communaut\u00e9s.<\/font><\/font><\/font><\/font><\/font><\/font><\/font><\/font><\/font><\/font><\/font><\/p><\/li><li style=\"font-size: 16px; text-align: justify;\"><p style=\"font-size: 16px;\"><font face=\"Roboto\" style=\"\"><font style=\"vertical-align: inherit;\"><font style=\"vertical-align: inherit;\"><font style=\"vertical-align: inherit;\"><font style=\"vertical-align: inherit;\"><font style=\"vertical-align: inherit;\"><font style=\"vertical-align: inherit;\"><font style=\"vertical-align: inherit;\"><font style=\"vertical-align: inherit;\"><strong><font style=\"vertical-align: inherit;\"><font style=\"vertical-align: inherit;\">Lutter et pr\u00e9venir la malnutrition<\/font><\/font><\/strong><font style=\"vertical-align: inherit;\"><font style=\"vertical-align: inherit;\"> : <\/font><\/font><br><font style=\"vertical-align: inherit;\"><font style=\"vertical-align: inherit;\">Nous menons une lutte acharn\u00e9e contre la malnutrition s\u00e9v\u00e8re, <\/font><\/font><br><font style=\"vertical-align: inherit;\"><font style=\"vertical-align: inherit;\">en favorisant une prise en charge alimentaire et m\u00e9dicale personnalis\u00e9e, afin d&rsquo;assurer la sant\u00e9 et le d\u00e9veloppement, notamment aupr\u00e8s des enfants.<\/font><\/font><\/font><\/font><\/font><\/font><\/font><\/font><\/font><\/font><\/font><\/p><\/li><li style=\"font-size: 16px;\"><p style=\"font-size: 16px; text-align: justify;\"><span style=\"font-style: inherit; font-family: Roboto; background-color: var(--ast-global-color-5); color: var(--ast-global-color-3);\"><font style=\"vertical-align: inherit;\"><font style=\"vertical-align: inherit;\"><font style=\"vertical-align: inherit;\"><font style=\"vertical-align: inherit;\"><font style=\"vertical-align: inherit;\"><font style=\"vertical-align: inherit;\"><font style=\"vertical-align: inherit;\"><font style=\"vertical-align: inherit;\"><font style=\"vertical-align: inherit;\"><font style=\"vertical-align: inherit;\"><font style=\"vertical-align: inherit;\"><font style=\"vertical-align: inherit;\"><font style=\"vertical-align: inherit;\"><strong><font style=\"vertical-align: inherit;\"><font style=\"vertical-align: inherit;\">Aider les enfants en situation de vuln\u00e9rabilit\u00e9 \u00e0 acc\u00e9der \u00e0 une \u00e9ducation de qualit\u00e9 et \u00e0 des soins m\u00e9dicaux adapt\u00e9s&nbsp;<\/font><\/font><\/strong><span style=\"font-weight: inherit;\"><font style=\"vertical-align: inherit;\"><font style=\"vertical-align: inherit;\">: <\/font><\/font><br><font style=\"vertical-align: inherit;\"><font style=\"vertical-align: inherit;\">Parce qu&rsquo;ils sont l&rsquo;avenir des communaut\u00e9s, nous pla\u00e7ons les enfants au c\u0153ur de nos missions, leur procurant acc\u00e8s \u00e0 une \u00e9ducation de qualit\u00e9 ainsi qu&rsquo;\u00e0 un suivi m\u00e9dical .<\/font><\/font><\/span><\/font><\/font><\/font><\/font><\/font><\/font><\/font><\/font><\/font><\/font><\/font><\/font><\/font><\/span><span style=\"font-weight: inherit; background-color: var(--ast-global-color-5); color: var(--ast-global-color-3); font-family: Roboto; font-style: inherit;\">&nbsp;<\/span><\/p><\/li><\/ul>\n\n\n<p>Lorem Ipsum has been the industry&rsquo;s standard dummy text ever since the 1500s.<\/p>\n\n\n\n\n\n\n\n\n\n<h2>Les valeurs qui donnent du sens \u00e0 nos missions<\/h2>\n\n\n\n\n<p>Lorem Ipsum has been the industry&rsquo;s standard dummy text ever since the 1500s.<\/p>\n\n\n\n<ul style=\"font-size: 16px; font-style: normal; font-family: Roboto;\"><li style=\"font-size: 16px;\"><p style=\"font-size: 16px; text-align: justify;\"><font style=\"vertical-align: inherit;\"><font style=\"vertical-align: inherit;\"><font style=\"vertical-align: inherit;\"><font style=\"vertical-align: inherit;\"><font style=\"vertical-align: inherit;\"><font style=\"vertical-align: inherit;\"><font style=\"vertical-align: inherit;\"><font style=\"vertical-align: inherit;\"><font style=\"vertical-align: inherit;\"><font style=\"vertical-align: inherit;\"><font style=\"vertical-align: inherit;\">Nous collaborons \u00e9troitement avec les communaut\u00e9s locales et d&rsquo;autres partenaires afin de <\/font><\/font><strong><font style=\"vertical-align: inherit;\"><font style=\"vertical-align: inherit;\">garantir des <\/font><\/font><\/strong><strong><font style=\"vertical-align: inherit;\"><font style=\"vertical-align: inherit;\">actions coh\u00e9rentes et responsables.&nbsp;<\/font><\/font><\/strong><\/font><\/font><\/font><\/font><\/font><\/font><\/font><\/font><\/font><\/p><\/li><li style=\"font-size: 16px; text-align: justify;\"><p style=\"font-size: 16px;\"><font style=\"vertical-align: inherit;\"><font style=\"vertical-align: inherit;\"><font style=\"vertical-align: inherit;\"><font style=\"vertical-align: inherit;\"><font style=\"vertical-align: inherit;\"><font style=\"vertical-align: inherit;\"><font style=\"vertical-align: inherit;\"><font style=\"vertical-align: inherit;\"><font style=\"vertical-align: inherit;\"><font style=\"vertical-align: inherit;\"><font style=\"vertical-align: inherit;\">Nous militons activement pour la <\/font><\/font><strong><font style=\"vertical-align: inherit;\"><font style=\"vertical-align: inherit;\">justice sociale<\/font><\/font><\/strong><font style=\"vertical-align: inherit;\"><font style=\"vertical-align: inherit;\"> et l&rsquo;<\/font><\/font><strong><font style=\"vertical-align: inherit;\"><font style=\"vertical-align: inherit;\">\u00e9galit\u00e9<\/font><\/font><\/strong><font style=\"vertical-align: inherit;\"><font style=\"vertical-align: inherit;\"> , en portant une attention particuli\u00e8re aux populations les plus vuln\u00e9rables. Notre approche vise \u00e0 cr\u00e9er des opportunit\u00e9s et \u00e0 <\/font><\/font><strong><font style=\"vertical-align: inherit;\"><font style=\"vertical-align: inherit;\">combattre les in\u00e9galit\u00e9s<\/font><\/font><\/strong><font style=\"vertical-align: inherit;\"><font style=\"vertical-align: inherit;\"> qui marginalisent les individus et les communaut\u00e9s.<\/font><\/font><\/font><\/font><\/font><\/font><\/font><\/font><\/font><\/font><\/font><\/p><\/li><li style=\"font-size: 16px; text-align: justify;\"><p style=\"font-size: 16px;\"><font style=\"vertical-align: inherit;\"><font style=\"vertical-align: inherit;\"><font style=\"vertical-align: inherit;\"><font style=\"vertical-align: inherit;\"><font style=\"vertical-align: inherit;\"><font style=\"vertical-align: inherit;\"><font style=\"vertical-align: inherit;\"><font style=\"vertical-align: inherit;\"><font style=\"vertical-align: inherit;\"><font style=\"vertical-align: inherit;\"><font style=\"vertical-align: inherit;\">La <\/font><\/font><strong><font style=\"vertical-align: inherit;\"><font style=\"vertical-align: inherit;\">diversit\u00e9<\/font><\/font><\/strong><font style=\"vertical-align: inherit;\"><font style=\"vertical-align: inherit;\"> est une valeur fondamentale que nous respectons et c\u00e9l\u00e9brons, tant au sein des communaut\u00e9s avec lesquelles nous travaillons, que dans notre organisation. <\/font><\/font><br><strong><font style=\"vertical-align: inherit;\"><font style=\"vertical-align: inherit;\">Nous croyons que chaque diff\u00e9rence est une richesse qui nous permet d&rsquo;apprendre et de grandir ensemble.<\/font><\/font><\/strong><\/font><\/font><\/font><\/font><\/font><\/font><\/font><\/font><\/font><\/p><\/li><li style=\"font-size: 16px; text-align: justify;\"><p style=\"font-size: 16px;\"><font style=\"vertical-align: inherit;\"><font style=\"vertical-align: inherit;\"><font style=\"vertical-align: inherit;\"><font style=\"vertical-align: inherit;\"><font style=\"vertical-align: inherit;\"><font style=\"vertical-align: inherit;\"><font style=\"vertical-align: inherit;\"><font style=\"vertical-align: inherit;\"><font style=\"vertical-align: inherit;\"><font style=\"vertical-align: inherit;\"><font style=\"vertical-align: inherit;\">Nous menons nos activit\u00e9s avec <\/font><\/font><strong><font style=\"vertical-align: inherit;\"><font style=\"vertical-align: inherit;\">int\u00e9grit\u00e9<\/font><\/font><\/strong><font style=\"vertical-align: inherit;\"><font style=\"vertical-align: inherit;\"> , en faisant preuve de <\/font><\/font><strong><font style=\"vertical-align: inherit;\"><font style=\"vertical-align: inherit;\">courage<\/font><\/font><\/strong><font style=\"vertical-align: inherit;\"><font style=\"vertical-align: inherit;\"> pour surmonter les obstacles et d\u00e9fendre ce en quoi nous croyons. <\/font><\/font><br><font style=\"vertical-align: inherit;\"><font style=\"vertical-align: inherit;\">Nous restons <strong>fid\u00e8les<\/strong> \u00e0 nos principes et \u00e0 nos engagements, m\u00eame dans les moments difficiles.<\/font><\/font><\/font><\/font><\/font><\/font><\/font><\/font><\/font><\/font><\/font><\/p><\/li><li style=\"font-size: 16px;\"><p style=\"font-size: 16px; text-align: justify;\"><font style=\"vertical-align: inherit;\"><font style=\"vertical-align: inherit;\"><font style=\"vertical-align: inherit;\"><font style=\"vertical-align: inherit;\"><font style=\"vertical-align: inherit;\"><font style=\"vertical-align: inherit;\"><font style=\"vertical-align: inherit;\"><font style=\"vertical-align: inherit;\"><font style=\"vertical-align: inherit;\"><font style=\"vertical-align: inherit;\"><font style=\"vertical-align: inherit;\">Nous poursuivons l&rsquo;<\/font><\/font><strong><font style=\"vertical-align: inherit;\"><font style=\"vertical-align: inherit;\">excellence dans toutes nos initiatives<\/font><\/font><\/strong><font style=\"vertical-align: inherit;\"><font style=\"vertical-align: inherit;\"> , en cherchant constamment \u00e0 am\u00e9liorer nos processus, nos interventions et nos r\u00e9sultats. <\/font><\/font><strong><br><font style=\"vertical-align: inherit;\"><font style=\"vertical-align: inherit;\">Notre ambition est de fournir des solutions de haute qualit\u00e9, efficaces et durables, pour maximiser l&rsquo;impact de nos actions<\/font><\/font><\/strong><font style=\"vertical-align: inherit;\"><font style=\"vertical-align: inherit;\"> .<\/font><\/font><\/font><\/font><\/font><\/font><\/font><\/font><\/font><\/font><\/font><\/p><\/li><\/ul>\n\n\n\n\n\n\n\n\n\n\n","protected":false},"excerpt":{"rendered":"","protected":false},"author":1,"featured_media":0,"parent":0,"menu_order":0,"comment_status":"closed","ping_status":"closed","template":"","meta":{"give_campaign_id":0,"_seopress_titles_title":"Solidarit\u00e9s Pour les D\u00e9sh\u00e9rit\u00e9s - Nos missions","_seopress_titles_desc":"L'ONG Solidarit\u00e9 Pour les D\u00e9sh\u00e9rit\u00e9s (SPD) situer en R\u00e9publique D\u00e9mocratique du Congo m\u00e8ne ses missions sur le terrain pour venir en aide aux populations les plus fragiles","_seopress_robots_index":"","_seopress_robots_follow":"","_seopress_robots_imageindex":"","_seopress_robots_snippet":"","_seopress_robots_primary_cat":"","_seopress_robots_breadcrumbs":"","_seopress_robots_freeze_modified_date":"","_seopress_robots_custom_modified_date":"","_seopress_robots_canonical":"","_seopress_social_fb_title":"","_seopress_social_fb_desc":"","_seopress_social_fb_img":"","_seopress_social_fb_img_attachment_id":0,"_seopress_social_fb_img_width":0,"_seopress_social_fb_img_height":0,"_seopress_social_twitter_title":"","_seopress_social_twitter_desc":"","_seopress_social_twitter_img":"","_seopress_social_twitter_img_attachment_id":0,"_seopress_social_twitter_img_width":0,"_seopress_social_twitter_img_height":0,"_seopress_redirections_value":"","_seopress_redirections_enabled":"","_seopress_redirections_enabled_regex":"","_seopress_redirections_logged_status":"both","_seopress_redirections_param":"","_seopress_redirections_type":301,"_seopress_analysis_target_kw":"","pagelayer_contact_templates":[],"_pagelayer_content":"","site-sidebar-layout":"default","site-content-layout":"","ast-site-content-layout":"default","site-content-style":"default","site-sidebar-style":"default","ast-global-header-display":"","ast-banner-title-visibility":"","ast-main-header-display":"","ast-hfb-above-header-display":"","ast-hfb-below-header-display":"","ast-hfb-mobile-header-display":"","site-post-title":"","ast-breadcrumbs-content":"","ast-featured-img":"","footer-sml-layout":"","theme-transparent-header-meta":"","adv-header-id-meta":"","stick-header-meta":"","header-above-stick-meta":"","header-main-stick-meta":"","header-below-stick-meta":"","astra-migrate-meta-layouts":"default","ast-page-background-enabled":"default","ast-page-background-meta":{"desktop":{"background-color":"var(--ast-global-color-4)","background-image":"","background-repeat":"repeat","background-position":"center center","background-size":"auto","background-attachment":"scroll","background-type":"","background-media":"","overlay-type":"","overlay-color":"","overlay-opacity":"","overlay-gradient":""},"tablet":{"background-color":"","background-image":"","background-repeat":"repeat","background-position":"center center","background-size":"auto","background-attachment":"scroll","background-type":"","background-media":"","overlay-type":"","overlay-color":"","overlay-opacity":"","overlay-gradient":""},"mobile":{"background-color":"","background-image":"","background-repeat":"repeat","background-position":"center center","background-size":"auto","background-attachment":"scroll","background-type":"","background-media":"","overlay-type":"","overlay-color":"","overlay-opacity":"","overlay-gradient":""}},"ast-content-background-meta":{"desktop":{"background-color":"var(--ast-global-color-5)","background-image":"","background-repeat":"repeat","background-position":"center center","background-size":"auto","background-attachment":"scroll","background-type":"","background-media":"","overlay-type":"","overlay-color":"","overlay-opacity":"","overlay-gradient":""},"tablet":{"background-color":"var(--ast-global-color-5)","background-image":"","background-repeat":"repeat","background-position":"center center","background-size":"auto","background-attachment":"scroll","background-type":"","background-media":"","overlay-type":"","overlay-color":"","overlay-opacity":"","overlay-gradient":""},"mobile":{"background-color":"var(--ast-global-color-5)","background-image":"","background-repeat":"repeat","background-position":"center center","background-size":"auto","background-attachment":"scroll","background-type":"","background-media":"","overlay-type":"","overlay-color":"","overlay-opacity":"","overlay-gradient":""}},"footnotes":""},"class_list":["post-30","page","type-page","status-publish","hentry"],"campaignId":"","jetpack_sharing_enabled":true,"_links":{"self":[{"href":"https:\/\/www.solidarite-pour-les-desherites.org\/index.php?rest_route=\/wp\/v2\/pages\/30","targetHints":{"allow":["GET"]}}],"collection":[{"href":"https:\/\/www.solidarite-pour-les-desherites.org\/index.php?rest_route=\/wp\/v2\/pages"}],"about":[{"href":"https:\/\/www.solidarite-pour-les-desherites.org\/index.php?rest_route=\/wp\/v2\/types\/page"}],"author":[{"embeddable":true,"href":"https:\/\/www.solidarite-pour-les-desherites.org\/index.php?rest_route=\/wp\/v2\/users\/1"}],"replies":[{"embeddable":true,"href":"https:\/\/www.solidarite-pour-les-desherites.org\/index.php?rest_route=%2Fwp%2Fv2%2Fcomments&post=30"}],"version-history":[{"count":50,"href":"https:\/\/www.solidarite-pour-les-desherites.org\/index.php?rest_route=\/wp\/v2\/pages\/30\/revisions"}],"predecessor-version":[{"id":768,"href":"https:\/\/www.solidarite-pour-les-desherites.org\/index.php?rest_route=\/wp\/v2\/pages\/30\/revisions\/768"}],"wp:attachment":[{"href":"https:\/\/www.solidarite-pour-les-desherites.org\/index.php?rest_route=%2Fwp%2Fv2%2Fmedia&parent=30"}],"curies":[{"name":"wp","href":"https:\/\/api.w.org\/{rel}","templated":true}]}}